{"id":6649,"date":"2024-11-04T15:32:54","date_gmt":"2024-11-04T15:32:54","guid":{"rendered":"https:\/\/www.spaceworkers.pt\/?page_id=6649"},"modified":"2024-11-07T15:39:01","modified_gmt":"2024-11-07T15:39:01","slug":"politica-de-privacidade","status":"publish","type":"page","link":"https:\/\/www.spaceworkers.pt\/pt\/politica-de-privacidade\/","title":{"rendered":""},"content":{"rendered":"<p><font color=\"#FFFFFFF\"><\/p>\n<p> . <\/font><\/p>\n<p><big><big><strong>POL\u00cdTICA DE PRIVACIDADE<\/strong><big><\/big><\/p>\n<p>A presente Pol\u00edtica de Privacidade descreve como recolhemos, utilizamos, divulgamos e protegemos as suas informa\u00e7\u00f5es ao aceder ao nosso website ou a formul\u00e1rios de contacto identificados para esse efeito.<br \/>\n<font color=\"#FFFFFFF\"><\/p>\n<p> . <\/font><br \/>\n<strong><big><big>Informa\u00e7\u00e3o legal\u2028<\/big><\/big><\/strong><\/p>\n<p><strong>1.1.<\/strong>  A prote\u00e7\u00e3o da Privacidade e dos seus Dados Pessoais assume uma import\u00e2ncia vital para n\u00f3s. Esta Pol\u00edtica de Privacidade tem como objetivo esclarecer como tratamos as informa\u00e7\u00f5es que recolhemos sobre si quando nos fornece dados atrav\u00e9s do nosso website formul\u00e1rios de contacto identificados para esse efeito.<\/p>\n<p><strong>1.2.<\/strong> Spaceworkers &#8211; Arquitectura, Design e Investimentos, Lda, com sede em Rua Central do Bairro, N\u00ba 792 4580-591 Paredes, com C\u00f3digo Fiscal 508057248 atuar\u00e1 como \u2018Respons\u00e1vel pelo tratamento de dados&#8217; para os fins detalhados na Sec\u00e7\u00e3o 3.<\/p>\n<p><font color=\"#FFFFFFF\"><\/p>\n<p> . <\/font><br \/>\n<big><strong>2.<\/strong> <strong>Informa\u00e7\u00f5es que recolhemos<\/strong><\/big><\/p>\n<p><strong>2.1.<\/strong> Recolhemos dados pessoais em conformidade com a legisla\u00e7\u00e3o aplic\u00e1vel em mat\u00e9ria de prote\u00e7\u00e3o de dados, nomeadamente o Regulamento (UE) 2016\/679 do Parlamento Europeu e do Conselho de 27 de abril de 2016, relativo \u00e0 prote\u00e7\u00e3o das pessoas singulares no que diz respeito ao tratamento de dados pessoais e \u00e0 livre circula\u00e7\u00e3o desses dados (tamb\u00e9m conhecido como \u201cRGPD\u201d) e a Lei n.\u00ba 58\/2019, de 08 de Agosto, na sua vers\u00e3o atualizada;<\/p>\n<p>Dados pessoais de identifica\u00e7\u00e3o:<br \/>\n&#8211; Nome e apelido;<br \/>\n&#8211; N\u00famero de telefone;<br \/>\n&#8211; Morada;<br \/>\n&#8211; Endere\u00e7o de e-mail.<\/p>\n<p>Origem dos Dados: Os dados pessoais s\u00e3o fornecidos diretamente pelos utilizadores, durante o preenchimento dos nossos formul\u00e1rios.<br \/>\n<font color=\"#FFFFFFF\"><\/p>\n<p> . <\/font><br \/>\n<big><strong>3.<\/strong> <strong>Finalidade do tratamento de dados<\/strong><\/big><\/p>\n<p>As informa\u00e7\u00f5es recolhidas podem ser utilizadas para os seguintes fins:<\/p>\n<p>&#8211; Comunica\u00e7\u00f5es de marketing: Envio de newsletters e informa\u00e7\u00f5es sobre os nossos servi\u00e7os, sempre com o seu consentimento pr\u00e9vio.<br \/>\n&#8211; Atendimento ao cliente: Para responder a perguntas, coment\u00e1rios ou solicita\u00e7\u00f5es que possa ter.<\/p>\n<p>A base legal para o tratamento dos seus dados \u00e9 o seu consentimento expl\u00edcito, que \u00e9 obtido no momento da recolha.<\/p>\n<p><font color=\"#FFFFFFF\"><\/p>\n<p> . <\/font><br \/>\n<big><strong>4.<\/strong> <strong>Partilha de Informa\u00e7\u00f5es<\/strong><\/big><\/p>\n<p>As informa\u00e7\u00f5es pessoais que recolhemos s\u00e3o utilizadas exclusivamente de forma interna e n\u00e3o s\u00e3o partilhadas com terceiros, exceto conforme exigido por lei ou em resposta a solicita\u00e7\u00f5es de autoridades competentes.<br \/>\n<font color=\"#FFFFFFF\"><\/p>\n<p> . <\/font><br \/>\n<big><strong>5.<\/strong> <strong>Os seus direitos<\/strong><\/big><\/p>\n<p><strong>5.1.<\/strong> Os seus direitos, plasmados no j\u00e1 citado Regulamento Geral de Prote\u00e7\u00e3o de Dados (RGPD), incluem:<\/p>\n<p>&#8211; Direito de acesso: Solicitar informa\u00e7\u00f5es sobre os dados pessoais que possu\u00edmos sobre si.<br \/>\n&#8211; Direito de retifica\u00e7\u00e3o: Solicitar a corre\u00e7\u00e3o de dados pessoais incompletos, inexatos ou desatualizados.<br \/>\n&#8211; Direito de elimina\u00e7\u00e3o: Solicitar a elimina\u00e7\u00e3o das suas informa\u00e7\u00f5es pessoais, conhecido como direito ao esquecimento.<br \/>\n&#8211; Direito \u00e0 limita\u00e7\u00e3o do tratamento: Solicitar que restrinjamos o tratamento dos seus dados pessoais em determinadas circunst\u00e2ncias.<br \/>\n&#8211; Direito de oposi\u00e7\u00e3o: Opor-se ao tratamento dos seus dados pessoais para fins espec\u00edficos.<br \/>\n&#8211; Direito \u00e0 portabilidade dos dados: Solicitar a transfer\u00eancia dos seus dados para outra entidade, sempre que aplic\u00e1vel.<\/p>\n<p>Para exercer qualquer um destes direitos, entre em contacto connosco pelo e-mail <u>spaceworkers@gmail.com<\/u>. De acordo com as leis de prote\u00e7\u00e3o de dados aplic\u00e1veis, pode ainda apresentar uma reclama\u00e7\u00e3o junto da autoridade competente (Comiss\u00e3o Nacional de Prote\u00e7\u00e3o de Dados geral@cnpd.pt).<\/p>\n<p><font color=\"#FFFFFFF\"><\/p>\n<p> . <\/font><br \/>\n<big><strong>6.<\/strong> <strong>Reten\u00e7\u00e3o de Dados Pessoais<\/strong><\/big><\/p>\n<p><strong>6.1.<\/strong> Manteremos os seus dados pessoais de acordo com os seguintes crit\u00e9rios: por um per\u00edodo de 1 (um) ano a contar do nosso \u00faltimo contacto, caso tenha solicitado apenas informa\u00e7\u00f5es; para fins de marketing, por um per\u00edodo de 2 (dois) anos a partir da \u00faltima comunica\u00e7\u00e3o, salvo se retirar o seu consentimento antes desse prazo. Tamb\u00e9m reteremos os seus Dados Pessoais conforme necess\u00e1rio para cumprirmos as obriga\u00e7\u00f5es legais a que estamos vinculados, resolver disputas e aplicar os nossos direitos (por exemplo, a\u00e7\u00f5es judiciais). Excluiremos os seus dados pessoais mediante solicita\u00e7\u00e3o sua, se permitido e conforme estabelecido nas leis de prote\u00e7\u00e3o de dados aplic\u00e1veis.<br \/>\n<font color=\"#FFFFFFF\"><\/p>\n<p> . <\/font><br \/>\n<big><strong>7.<\/strong> <strong>Medidas de seguran\u00e7a e prote\u00e7\u00e3o<\/strong><\/big><\/p>\n<p><strong>7.1.<\/strong> Implementamos medidas de seguran\u00e7a t\u00e9cnicas e organizacionais adequadas para proteger as suas informa\u00e7\u00f5es pessoais contra acesso n\u00e3o autorizado, uso indevido, altera\u00e7\u00e3o e destrui\u00e7\u00e3o. Contudo, cumpre lembrar que nenhum m\u00e9todo de transmiss\u00e3o pela Internet ou m\u00e9todo de armazenamento eletr\u00f3nico \u00e9 totalmente seguro.<br \/>\n<font color=\"#FFFFFFF\"><\/p>\n<p> . <\/font><br \/>\n<big><strong>8.<\/strong> <strong>Cookies e tecnologias de monitoriza\u00e7\u00e3o<\/strong><\/big><\/p>\n<p><strong>8.1.<\/strong> Atualmente, n\u00e3o utilizamos cookies ou outras tecnologias de monitoriza\u00e7\u00e3o no nosso site. Caso a tecnologia venha a ser implementada no futuro, ser\u00e1 solicitado o seu consentimento pr\u00e9vio e facultaremos informa\u00e7\u00f5es detalhadas sobre o tipo de dados recolhidos e as suas finalidades.<br \/>\n<font color=\"#FFFFFFF\"><\/p>\n<p> . <\/font><br \/>\n<big><strong>9.<\/strong> <strong>Atualiza\u00e7\u00f5es da pol\u00edtica de privacidade<\/strong><\/big><\/p>\n<p><strong>9.1.<\/strong> As leis e pr\u00e1ticas de privacidade est\u00e3o em constante desenvolvimento, motivo pelo qual ser\u00e3o feitas altera\u00e7\u00f5es peri\u00f3dicas a esta Pol\u00edtica de Privacidade. Quaisquer altera\u00e7\u00f5es significativas ser\u00e3o comunicadas de forma vis\u00edvel no nosso website ou diretamente, quando aplic\u00e1vel. A presente Pol\u00edtica de Privacidade foi revista em 7\/11\/2024.<br \/>\n<font color=\"#FFFFFFF\"><\/p>\n<p> . <\/font><br \/>\n<big><strong>10.<\/strong> <strong>Contacto<\/strong><\/big><\/p>\n<p><strong>10.1.<\/strong> Se tiver d\u00favidas ou preocupa\u00e7\u00f5es relacionadas com a presente Pol\u00edtica de Privacidade ou sobre o tratamento das suas informa\u00e7\u00f5es pessoais, entre em contacto connosco pelo e-mail <u>spaceworkers@gmail.com<\/u>.<\/p>\n<p>Esta Pol\u00edtica de Privacidade foi atualizada pela ultima vez em 7 de novembro de 2024.<\/p>","protected":false},"excerpt":{"rendered":"<p>. POL\u00cdTICA DE PRIVACIDADE A presente Pol\u00edtica de Privacidade descreve como recolhemos, utilizamos, divulgamos e protegemos as suas informa\u00e7\u00f5es ao aceder ao nosso website ou a formul\u00e1rios de contacto identificados para esse efeito. . Informa\u00e7\u00e3o legal\u2028 1.1. A prote\u00e7\u00e3o da Privacidade e dos seus Dados Pessoais assume uma import\u00e2ncia vital para n\u00f3s. Esta Pol\u00edtica de [&hellip;]<\/p>\n","protected":false},"author":4,"featured_media":0,"parent":0,"menu_order":0,"comment_status":"closed","ping_status":"closed","template":"","meta":{"_monsterinsights_skip_tracking":false,"_monsterinsights_sitenote_active":false,"_monsterinsights_sitenote_note":"","_monsterinsights_sitenote_category":0,"footnotes":""},"class_list":["post-6649","page","type-page","status-publish","hentry"],"yoast_head":"<!-- This site is optimized with the Yoast SEO plugin v27.3 - https:\/\/yoast.com\/product\/yoast-seo-wordpress\/ -->\n<title>- spaceworkers<\/title>\n<meta name=\"robots\" content=\"index, follow, max-snippet:-1, max-image-preview:large, max-video-preview:-1\" \/>\n<link rel=\"canonical\" href=\"https:\/\/www.spaceworkers.pt\/en\/politica-de-privacidade\/\" \/>\n<meta property=\"og:locale\" content=\"pt_PT\" \/>\n<meta property=\"og:type\" content=\"article\" \/>\n<meta property=\"og:title\" content=\"- spaceworkers\" \/>\n<meta property=\"og:description\" content=\". POL\u00cdTICA DE PRIVACIDADE A presente Pol\u00edtica de Privacidade descreve como recolhemos, utilizamos, divulgamos e protegemos as suas informa\u00e7\u00f5es ao aceder ao nosso website ou a formul\u00e1rios de contacto identificados para esse efeito. . Informa\u00e7\u00e3o legal\u2028 1.1. A prote\u00e7\u00e3o da Privacidade e dos seus Dados Pessoais assume uma import\u00e2ncia vital para n\u00f3s. Esta Pol\u00edtica de [&hellip;]\" \/>\n<meta property=\"og:url\" content=\"https:\/\/www.spaceworkers.pt\/en\/politica-de-privacidade\/\" \/>\n<meta property=\"og:site_name\" content=\"spaceworkers\" \/>\n<meta property=\"article:modified_time\" content=\"2024-11-07T15:39:01+00:00\" \/>\n<meta name=\"twitter:card\" content=\"summary_large_image\" \/>\n<meta name=\"twitter:label1\" content=\"Tempo estimado de leitura\" \/>\n\t<meta name=\"twitter:data1\" content=\"7 minutos\" \/>\n<script type=\"application\/ld+json\" class=\"yoast-schema-graph\">{\"@context\":\"https:\\\/\\\/schema.org\",\"@graph\":[{\"@type\":\"WebPage\",\"@id\":\"https:\\\/\\\/www.spaceworkers.pt\\\/en\\\/politica-de-privacidade\\\/\",\"url\":\"https:\\\/\\\/www.spaceworkers.pt\\\/en\\\/politica-de-privacidade\\\/\",\"name\":\"- spaceworkers\",\"isPartOf\":{\"@id\":\"https:\\\/\\\/www.spaceworkers.pt\\\/en\\\/#website\"},\"datePublished\":\"2024-11-04T15:32:54+00:00\",\"dateModified\":\"2024-11-07T15:39:01+00:00\",\"inLanguage\":\"pt-PT\",\"potentialAction\":[{\"@type\":\"ReadAction\",\"target\":[\"https:\\\/\\\/www.spaceworkers.pt\\\/en\\\/politica-de-privacidade\\\/\"]}]},{\"@type\":\"WebSite\",\"@id\":\"https:\\\/\\\/www.spaceworkers.pt\\\/en\\\/#website\",\"url\":\"https:\\\/\\\/www.spaceworkers.pt\\\/en\\\/\",\"name\":\"spaceworkers\",\"description\":\"Spaceworkers\u00ae \u00e9 um atelier de arquitetura e design localizado em Paredes, no norte de Portugal, fundado pelos actuais directores criativos Henrique Marques e Rui Dinis e pela sua directora financeira Carla Duarte.\",\"potentialAction\":[{\"@type\":\"SearchAction\",\"target\":{\"@type\":\"EntryPoint\",\"urlTemplate\":\"https:\\\/\\\/www.spaceworkers.pt\\\/en\\\/?s={search_term_string}\"},\"query-input\":{\"@type\":\"PropertyValueSpecification\",\"valueRequired\":true,\"valueName\":\"search_term_string\"}}],\"inLanguage\":\"pt-PT\"}]}<\/script>\n<!-- \/ Yoast SEO plugin. -->","yoast_head_json":{"title":"- spaceworkers","robots":{"index":"index","follow":"follow","max-snippet":"max-snippet:-1","max-image-preview":"max-image-preview:large","max-video-preview":"max-video-preview:-1"},"canonical":"https:\/\/www.spaceworkers.pt\/en\/politica-de-privacidade\/","og_locale":"pt_PT","og_type":"article","og_title":"- spaceworkers","og_description":". POL\u00cdTICA DE PRIVACIDADE A presente Pol\u00edtica de Privacidade descreve como recolhemos, utilizamos, divulgamos e protegemos as suas informa\u00e7\u00f5es ao aceder ao nosso website ou a formul\u00e1rios de contacto identificados para esse efeito. . Informa\u00e7\u00e3o legal\u2028 1.1. A prote\u00e7\u00e3o da Privacidade e dos seus Dados Pessoais assume uma import\u00e2ncia vital para n\u00f3s. Esta Pol\u00edtica de [&hellip;]","og_url":"https:\/\/www.spaceworkers.pt\/en\/politica-de-privacidade\/","og_site_name":"spaceworkers","article_modified_time":"2024-11-07T15:39:01+00:00","twitter_card":"summary_large_image","twitter_misc":{"Tempo estimado de leitura":"7 minutos"},"schema":{"@context":"https:\/\/schema.org","@graph":[{"@type":"WebPage","@id":"https:\/\/www.spaceworkers.pt\/en\/politica-de-privacidade\/","url":"https:\/\/www.spaceworkers.pt\/en\/politica-de-privacidade\/","name":"- spaceworkers","isPartOf":{"@id":"https:\/\/www.spaceworkers.pt\/en\/#website"},"datePublished":"2024-11-04T15:32:54+00:00","dateModified":"2024-11-07T15:39:01+00:00","inLanguage":"pt-PT","potentialAction":[{"@type":"ReadAction","target":["https:\/\/www.spaceworkers.pt\/en\/politica-de-privacidade\/"]}]},{"@type":"WebSite","@id":"https:\/\/www.spaceworkers.pt\/en\/#website","url":"https:\/\/www.spaceworkers.pt\/en\/","name":"spaceworkers","description":"Spaceworkers\u00ae \u00e9 um atelier de arquitetura e design localizado em Paredes, no norte de Portugal, fundado pelos actuais directores criativos Henrique Marques e Rui Dinis e pela sua directora financeira Carla Duarte.","potentialAction":[{"@type":"SearchAction","target":{"@type":"EntryPoint","urlTemplate":"https:\/\/www.spaceworkers.pt\/en\/?s={search_term_string}"},"query-input":{"@type":"PropertyValueSpecification","valueRequired":true,"valueName":"search_term_string"}}],"inLanguage":"pt-PT"}]}},"_links":{"self":[{"href":"https:\/\/www.spaceworkers.pt\/pt\/wp-json\/wp\/v2\/pages\/6649","targetHints":{"allow":["GET"]}}],"collection":[{"href":"https:\/\/www.spaceworkers.pt\/pt\/wp-json\/wp\/v2\/pages"}],"about":[{"href":"https:\/\/www.spaceworkers.pt\/pt\/wp-json\/wp\/v2\/types\/page"}],"author":[{"embeddable":true,"href":"https:\/\/www.spaceworkers.pt\/pt\/wp-json\/wp\/v2\/users\/4"}],"replies":[{"embeddable":true,"href":"https:\/\/www.spaceworkers.pt\/pt\/wp-json\/wp\/v2\/comments?post=6649"}],"version-history":[{"count":0,"href":"https:\/\/www.spaceworkers.pt\/pt\/wp-json\/wp\/v2\/pages\/6649\/revisions"}],"wp:attachment":[{"href":"https:\/\/www.spaceworkers.pt\/pt\/wp-json\/wp\/v2\/media?parent=6649"}],"curies":[{"name":"wp","href":"https:\/\/api.w.org\/{rel}","templated":true}]}}