{"id":2089,"date":"2017-04-06T08:52:41","date_gmt":"2017-04-06T08:52:41","guid":{"rendered":"http:\/\/www.spaceworkers.pt\/?page_id=2089"},"modified":"2025-09-04T14:39:40","modified_gmt":"2025-09-04T14:39:40","slug":"about","status":"publish","type":"page","link":"https:\/\/www.spaceworkers.pt\/pt\/about\/","title":{"rendered":"Sobre"},"content":{"rendered":"<p><\/p>\n<p><\/p>\n<table border=\"0\" style=\"table-layout:fixed\" width=\"100%\">\n<colgroup>\n<col span=\"1\" width=\"65%\">\n<col span=\"1\" width=\"5%\">\n<col span=\"1\" width=\"30%\">\n<\/colgroup>\n<tbody>\n<tr>\n<td valign=\"top\">\n<font color=\"555555\" size=\"2\">A <strong>spaceworkers\u00ae<\/strong>, surge de uma vontade comum aos tr\u00eas mentores do projecto, Carla Duarte, Henrique Marques e Rui Dinis, a de criar uma \u201cmarca\u201d capaz de representar uma abordagem transversal entre \u00e1reas t\u00e3o diversificadas como a Arquitectura, a Economia, o Design e o Mobili\u00e1rio, provando ser poss\u00edvel e at\u00e9 recomend\u00e1vel uma complementaridade entre estas diferentes \u00e1reas de actua\u00e7\u00e3o. A partilha de uma mesma forma de estar no mundo da arquitectura e a vontade de inovar e crescer, foi sem d\u00favida o motor de arranque para a cria\u00e7\u00e3o deste atelier.<\/font><\/p>\n<p><font color=\"555555\" size=\"2\">Enquanto atelier criativo, procura incutir nos seus trabalhos um cunho de inova\u00e7\u00e3o e emo\u00e7\u00e3o sensorial, apelando \u00e0 sensibilidade dos seus clientes para uma nova forma de encarar e perceber o espa\u00e7o, enquanto instrumento de comunica\u00e7\u00e3o, ordenamento e de interac\u00e7\u00e3o com os sentimentos do p\u00fablico.<\/font><\/p>\n<p><font color=\"555555\" size=\"2\">Os trabalhos realizados pela spaceworkers\u00ae, procuram ir de encontro \u00e0s necessidades dos seus clientes, evitando no entanto o obvio dos lugares comuns ou clich\u00e9s formais, procurando explorar um caminho onde a forma segue claramente a emo\u00e7\u00e3o, onde os espa\u00e7os criados s\u00e3o s\u00edmbolos de identidade e de contemporaneidade. Apesar do arrojo conceptual que caracterizam os seus trabalhos, a spaceworkers\u00ae, procura constantemente o compromisso entre as op\u00e7\u00f5es formais e funcionais e o custo global da obra, pois acredita que \u00e9 precisamente neste equil\u00edbrio que reside a mais valia dos seus trabalhos.<\/font><\/p>\n<\/td>\n<td><\/td>\n<td valign=\"middle\"><img decoding=\"async\" src=\"http:\/\/www.spaceworkers.pt\/wp-content\/uploads\/2024\/11\/IMG_0562-scaled.jpg\" alt=\"Rui&amp;Henrique\"><\/td>\n<\/tr>\n<\/tbody>\n<\/table>\n<p><\/p>\n<p><font size=\"6\">EQUIPA<\/font><\/p>\n<table border=\"0\" style=\"table-layout:fixed\" width=\"100%\">\n<colgroup>\n<col span=\"1\" width=\"30%\">\n<col span=\"1\" width=\"5%\">\n<col span=\"1\" width=\"30%\">\n<col span=\"1\" width=\"5%\">\n<col span=\"1\" width=\"30%\">\n<\/colgroup>\n<tbody>\n<tr>\n<td valign=\"top\">\n<font size=\"4\" color=\"#555555\"><strong>Rui Dinis<\/strong><\/font><br \/><font size=\"2\" color=\"#555555\">ARQUITECTO<\/p>\n<p>Nasceu em 1981, na cidade de Paredes. \u00c9 arquitecto pela Faculdade de Arquitectura e Artes da Universidade Lus\u00edada do Porto (2000 &#8211; 2006). Estagiou e colaborou com o arquitecto Ant\u00f3nio Bel\u00e9m Lima (2006 &#8211; 2007), onde viria a ser coordenador de alguns dos projectos. Paralelamente \u00e0 actividade profissional participou em alguns concursos de ideias e em 2007 funda em conjunto com Henrique Marques e Carla Duarte, o atelier spaceworkers, onde desde Outubro de 2007 exerce fun\u00e7\u00f5es de arquitecto coordenador, em regime de exclusividade, tendo desde ent\u00e3o desenvolvido um conjunto de projectos p\u00fablicos e privados com os mais diversos programas funcionais.<\/p>\n<p><\/font><\/p>\n<p><font size=\"2\" color=\"#555555\"><\/font><\/p>\n<\/td>\n<td> <\/td>\n<td valign=\"top\">\n<font size=\"4\" color=\"#555555\"><strong>Henrique Marques<\/strong><\/font><br \/><font size=\"2\" color=\"#555555\">ARQUITECTO<\/p>\n<p>Nasceu em 1981, na cidade de Paredes. \u00c9 arquitecto pela Faculdade de Arquitectura e Artes da Universidade Lus\u00edada do Porto (1998 &#8211; 2003). Ap\u00f3s a sua forma\u00e7\u00e3o colaborou com diversos arquitectos, entre os quais o atelier HCAR &#8211; Helena Castro e Ant\u00f3nio Raposo (Porto), Arq. Ant\u00f3nio Cabral Campello e Arq. Julio De Matos. Estagiou pela C\u00e2mara Municipal de Paredes (2004 &#8211; 2005), altura em foi convidado a ingressar nos quadros t\u00e9cnicos do atelier Rarcon, Arquitectura e Consultadoria S.A., na qual viria a ser director geral de projectos, fun\u00e7\u00e3o que exerceu at\u00e9 Outubro de 2008. Paralemente \u00e0 actividade profissional fundou em 2007 em conjunto com Rui Dinis e Carla Duarte, o atelier spaceworkers, onde desde Outubro de 2008 exerce fun\u00e7\u00f5es de arquitecto coordenador, em regime de exclusividade, tendo desde ent\u00e3o desenvolvido um conjunto de projectos p\u00fablicos e privados com os mais diversos programas funcionais.<\/p>\n<p><\/font><\/p>\n<p><font size=\"2\" color=\"#555555\"><\/font><\/p>\n<\/td>\n<td> <\/td>\n<td valign=\"top\">\n<font size=\"4\" color=\"#555555\"><strong>Carla Duarte<\/strong><\/font><br \/><font size=\"2\" color=\"#555555\">DEPARTAMENTO FINANCEIRO<\/p>\n<p>Nasceu em 1980, na cidade de Marco de Canaveses. \u00c9 licenciada em Rela\u00e7\u00f5es Internacionais Econ\u00f3micas e Pol\u00edticas pela Universidade do Minho (2002). Ingressou como secret\u00e1ria geral da associa\u00e7\u00e3o AECL &#8211; Lousada, onde liderou v\u00e1rios projectos de incentivo \u00e0 moderniza\u00e7\u00e3o do com\u00e9rcio. Terminou a p\u00f3s-gradua\u00e7\u00e3o em Gest\u00e3o de Parques Empresariais em 2007, altura em que foi convidada para directora executiva da ADIEL &#8211; Lousada, onde exerce fun\u00e7\u00f5es na \u00e1rea de apoio ao desenvolvimento do com\u00e9rcio. Paralemente \u00e0 actividade profissional funda, em 2007, em conjunto com Henrique Marques e Rui Dinis, o atelier spaceworkers, sendo desde ent\u00e3o respons\u00e1vel pela gest\u00e3o e \u00e1rea financeira do atelier, recentemente conclui o MBA em Finan\u00e7as.<\/p>\n<p><\/font><\/p>\n<p><font size=\"2\" color=\"#555555\"><\/font><\/p>\n<\/td>\n<\/tr>\n<\/tbody>\n<\/table>\n<p><\/p>\n<p><\/p>\n<table border=\"0\" style=\"table-layout:fixed\" width=\"100%\">\n<colgroup>\n<col span=\"1\" width=\"30%\">\n<col span=\"1\" width=\"5%\">\n<col span=\"1\" width=\"30%\">\n<col span=\"1\" width=\"5%\">\n<col span=\"1\" width=\"30%\">\n<\/colgroup>\n<tbody>\n<tr>\n<td valign=\"top\">\n<font size=\"4\" color=\"#555555\"><strong>Tiago Maciel<\/strong><\/font><br \/><font size=\"2\" color=\"#555555\">ARQUITECTO<\/p>\n<p><\/font><\/p>\n<p><font size=\"2\" color=\"#555555\"><\/font><\/p>\n<p><font size=\"2\" color=\"#555555\">Nasceu em 1990, na cidade de Viana do Castelo. \u00c9 mestre em Arquitectura pela Faculdade de Arquitetura da Universidade do Porto em Setembro de 2015. Estagiou no atelier do Arquitecto Branco Cavaleiro em 2007.<br \/>Actualmente, colabora no atelier spaceworkers desde 2015.<\/font><\/p>\n<td> <\/td>\n<td valign=\"top\">\n<\/td>\n<td> <\/td>\n<td valign=\"top\">\n<\/td>\n<\/tr>\n<\/tbody>\n<\/table>\n<p><\/p>\n<p><\/p>\n<table border=\"0\" style=\"table-layout:fixed\" width=\"100%\">\n<colgroup>\n<col span=\"1\" width=\"30%\">\n<col span=\"1\" width=\"5%\">\n<col span=\"1\" width=\"30%\">\n<col span=\"1\" width=\"5%\">\n<col span=\"1\" width=\"30%\">\n<\/colgroup>\n<tbody>\n<tr>\n<td valign=\"top\">\n<\/td>\n<td> <\/td>\n<td> <\/td>\n<td> <\/td>\n<td> <\/td>\n<\/tr>\n<\/tbody>\n<\/table>\n<p><\/p>\n<p><!-- Created with Elementor --><\/p>","protected":false},"excerpt":{"rendered":"<p>A spaceworkers\u00ae, surge de uma vontade comum aos tr\u00eas mentores do projecto, Carla Duarte, Henrique Marques e Rui Dinis, a de criar uma \u201cmarca\u201d capaz de representar uma abordagem transversal entre \u00e1reas t\u00e3o diversificadas como a Arquitectura, a Economia, o Design e o Mobili\u00e1rio, provando ser poss\u00edvel e at\u00e9 recomend\u00e1vel uma complementaridade entre estas diferentes [&hellip;]<\/p>\n","protected":false},"author":2,"featured_media":0,"parent":0,"menu_order":0,"comment_status":"closed","ping_status":"closed","template":"","meta":{"_monsterinsights_skip_tracking":false,"_monsterinsights_sitenote_active":false,"_monsterinsights_sitenote_note":"","_monsterinsights_sitenote_category":0,"footnotes":""},"class_list":["post-2089","page","type-page","status-publish","hentry"],"yoast_head":"<!-- This site is optimized with the Yoast SEO plugin v27.3 - https:\/\/yoast.com\/product\/yoast-seo-wordpress\/ -->\n<title>Sobre - spaceworkers<\/title>\n<meta name=\"robots\" content=\"index, follow, max-snippet:-1, max-image-preview:large, max-video-preview:-1\" \/>\n<link rel=\"canonical\" href=\"https:\/\/www.spaceworkers.pt\/en\/about\/\" \/>\n<meta property=\"og:locale\" content=\"pt_PT\" \/>\n<meta property=\"og:type\" content=\"article\" \/>\n<meta property=\"og:title\" content=\"[:pt]Sobre[:en]About[:] - spaceworkers\" \/>\n<meta property=\"og:description\" content=\"A spaceworkers\u00ae, surge de uma vontade comum aos tr\u00eas mentores do projecto, Carla Duarte, Henrique Marques e Rui Dinis, a de criar uma \u201cmarca\u201d capaz de representar uma abordagem transversal entre \u00e1reas t\u00e3o diversificadas como a Arquitectura, a Economia, o Design e o Mobili\u00e1rio, provando ser poss\u00edvel e at\u00e9 recomend\u00e1vel uma complementaridade entre estas diferentes [&hellip;]\" \/>\n<meta property=\"og:url\" content=\"https:\/\/www.spaceworkers.pt\/en\/about\/\" \/>\n<meta property=\"og:site_name\" content=\"spaceworkers\" \/>\n<meta property=\"article:modified_time\" content=\"2025-09-04T14:39:40+00:00\" \/>\n<meta property=\"og:image\" content=\"http:\/\/www.spaceworkers.pt\/wp-content\/uploads\/2024\/11\/IMG_0562-scaled.jpg\" \/>\n<meta name=\"twitter:card\" content=\"summary_large_image\" \/>\n<meta name=\"twitter:label1\" content=\"Tempo estimado de leitura\" \/>\n\t<meta name=\"twitter:data1\" content=\"7 minutos\" \/>\n<script type=\"application\/ld+json\" class=\"yoast-schema-graph\">{\"@context\":\"https:\\\/\\\/schema.org\",\"@graph\":[{\"@type\":\"WebPage\",\"@id\":\"https:\\\/\\\/www.spaceworkers.pt\\\/en\\\/about\\\/\",\"url\":\"https:\\\/\\\/www.spaceworkers.pt\\\/en\\\/about\\\/\",\"name\":\"[:pt]Sobre[:en]About[:] - spaceworkers\",\"isPartOf\":{\"@id\":\"https:\\\/\\\/www.spaceworkers.pt\\\/en\\\/#website\"},\"primaryImageOfPage\":{\"@id\":\"https:\\\/\\\/www.spaceworkers.pt\\\/en\\\/about\\\/#primaryimage\"},\"image\":{\"@id\":\"https:\\\/\\\/www.spaceworkers.pt\\\/en\\\/about\\\/#primaryimage\"},\"thumbnailUrl\":\"http:\\\/\\\/www.spaceworkers.pt\\\/wp-content\\\/uploads\\\/2024\\\/11\\\/IMG_0562-scaled.jpg\",\"datePublished\":\"2017-04-06T08:52:41+00:00\",\"dateModified\":\"2025-09-04T14:39:40+00:00\",\"breadcrumb\":{\"@id\":\"https:\\\/\\\/www.spaceworkers.pt\\\/en\\\/about\\\/#breadcrumb\"},\"inLanguage\":\"pt-PT\",\"potentialAction\":[{\"@type\":\"ReadAction\",\"target\":[\"https:\\\/\\\/www.spaceworkers.pt\\\/en\\\/about\\\/\"]}]},{\"@type\":\"ImageObject\",\"inLanguage\":\"pt-PT\",\"@id\":\"https:\\\/\\\/www.spaceworkers.pt\\\/en\\\/about\\\/#primaryimage\",\"url\":\"http:\\\/\\\/www.spaceworkers.pt\\\/wp-content\\\/uploads\\\/2024\\\/11\\\/IMG_0562-scaled.jpg\",\"contentUrl\":\"http:\\\/\\\/www.spaceworkers.pt\\\/wp-content\\\/uploads\\\/2024\\\/11\\\/IMG_0562-scaled.jpg\"},{\"@type\":\"BreadcrumbList\",\"@id\":\"https:\\\/\\\/www.spaceworkers.pt\\\/en\\\/about\\\/#breadcrumb\",\"itemListElement\":[{\"@type\":\"ListItem\",\"position\":1,\"name\":\"Home\",\"item\":\"https:\\\/\\\/www.spaceworkers.pt\\\/en\\\/\"},{\"@type\":\"ListItem\",\"position\":2,\"name\":\"About\"}]},{\"@type\":\"WebSite\",\"@id\":\"https:\\\/\\\/www.spaceworkers.pt\\\/en\\\/#website\",\"url\":\"https:\\\/\\\/www.spaceworkers.pt\\\/en\\\/\",\"name\":\"spaceworkers\",\"description\":\"Spaceworkers\u00ae \u00e9 um atelier de arquitetura e design localizado em Paredes, no norte de Portugal, fundado pelos actuais directores criativos Henrique Marques e Rui Dinis e pela sua directora financeira Carla Duarte.\",\"potentialAction\":[{\"@type\":\"SearchAction\",\"target\":{\"@type\":\"EntryPoint\",\"urlTemplate\":\"https:\\\/\\\/www.spaceworkers.pt\\\/en\\\/?s={search_term_string}\"},\"query-input\":{\"@type\":\"PropertyValueSpecification\",\"valueRequired\":true,\"valueName\":\"search_term_string\"}}],\"inLanguage\":\"pt-PT\"}]}<\/script>\n<!-- \/ Yoast SEO plugin. -->","yoast_head_json":{"title":"[:pt]Sobre[:en]About[:] - spaceworkers","robots":{"index":"index","follow":"follow","max-snippet":"max-snippet:-1","max-image-preview":"max-image-preview:large","max-video-preview":"max-video-preview:-1"},"canonical":"https:\/\/www.spaceworkers.pt\/en\/about\/","og_locale":"pt_PT","og_type":"article","og_title":"[:pt]Sobre[:en]About[:] - spaceworkers","og_description":"A spaceworkers\u00ae, surge de uma vontade comum aos tr\u00eas mentores do projecto, Carla Duarte, Henrique Marques e Rui Dinis, a de criar uma \u201cmarca\u201d capaz de representar uma abordagem transversal entre \u00e1reas t\u00e3o diversificadas como a Arquitectura, a Economia, o Design e o Mobili\u00e1rio, provando ser poss\u00edvel e at\u00e9 recomend\u00e1vel uma complementaridade entre estas diferentes [&hellip;]","og_url":"https:\/\/www.spaceworkers.pt\/en\/about\/","og_site_name":"spaceworkers","article_modified_time":"2025-09-04T14:39:40+00:00","og_image":[{"url":"http:\/\/www.spaceworkers.pt\/wp-content\/uploads\/2024\/11\/IMG_0562-scaled.jpg","type":"","width":"","height":""}],"twitter_card":"summary_large_image","twitter_misc":{"Tempo estimado de leitura":"7 minutos"},"schema":{"@context":"https:\/\/schema.org","@graph":[{"@type":"WebPage","@id":"https:\/\/www.spaceworkers.pt\/en\/about\/","url":"https:\/\/www.spaceworkers.pt\/en\/about\/","name":"[:pt]Sobre[:en]About[:] - spaceworkers","isPartOf":{"@id":"https:\/\/www.spaceworkers.pt\/en\/#website"},"primaryImageOfPage":{"@id":"https:\/\/www.spaceworkers.pt\/en\/about\/#primaryimage"},"image":{"@id":"https:\/\/www.spaceworkers.pt\/en\/about\/#primaryimage"},"thumbnailUrl":"http:\/\/www.spaceworkers.pt\/wp-content\/uploads\/2024\/11\/IMG_0562-scaled.jpg","datePublished":"2017-04-06T08:52:41+00:00","dateModified":"2025-09-04T14:39:40+00:00","breadcrumb":{"@id":"https:\/\/www.spaceworkers.pt\/en\/about\/#breadcrumb"},"inLanguage":"pt-PT","potentialAction":[{"@type":"ReadAction","target":["https:\/\/www.spaceworkers.pt\/en\/about\/"]}]},{"@type":"ImageObject","inLanguage":"pt-PT","@id":"https:\/\/www.spaceworkers.pt\/en\/about\/#primaryimage","url":"http:\/\/www.spaceworkers.pt\/wp-content\/uploads\/2024\/11\/IMG_0562-scaled.jpg","contentUrl":"http:\/\/www.spaceworkers.pt\/wp-content\/uploads\/2024\/11\/IMG_0562-scaled.jpg"},{"@type":"BreadcrumbList","@id":"https:\/\/www.spaceworkers.pt\/en\/about\/#breadcrumb","itemListElement":[{"@type":"ListItem","position":1,"name":"Home","item":"https:\/\/www.spaceworkers.pt\/en\/"},{"@type":"ListItem","position":2,"name":"About"}]},{"@type":"WebSite","@id":"https:\/\/www.spaceworkers.pt\/en\/#website","url":"https:\/\/www.spaceworkers.pt\/en\/","name":"spaceworkers","description":"Spaceworkers\u00ae \u00e9 um atelier de arquitetura e design localizado em Paredes, no norte de Portugal, fundado pelos actuais directores criativos Henrique Marques e Rui Dinis e pela sua directora financeira Carla Duarte.","potentialAction":[{"@type":"SearchAction","target":{"@type":"EntryPoint","urlTemplate":"https:\/\/www.spaceworkers.pt\/en\/?s={search_term_string}"},"query-input":{"@type":"PropertyValueSpecification","valueRequired":true,"valueName":"search_term_string"}}],"inLanguage":"pt-PT"}]}},"_links":{"self":[{"href":"https:\/\/www.spaceworkers.pt\/pt\/wp-json\/wp\/v2\/pages\/2089","targetHints":{"allow":["GET"]}}],"collection":[{"href":"https:\/\/www.spaceworkers.pt\/pt\/wp-json\/wp\/v2\/pages"}],"about":[{"href":"https:\/\/www.spaceworkers.pt\/pt\/wp-json\/wp\/v2\/types\/page"}],"author":[{"embeddable":true,"href":"https:\/\/www.spaceworkers.pt\/pt\/wp-json\/wp\/v2\/users\/2"}],"replies":[{"embeddable":true,"href":"https:\/\/www.spaceworkers.pt\/pt\/wp-json\/wp\/v2\/comments?post=2089"}],"version-history":[{"count":0,"href":"https:\/\/www.spaceworkers.pt\/pt\/wp-json\/wp\/v2\/pages\/2089\/revisions"}],"wp:attachment":[{"href":"https:\/\/www.spaceworkers.pt\/pt\/wp-json\/wp\/v2\/media?parent=2089"}],"curies":[{"name":"wp","href":"https:\/\/api.w.org\/{rel}","templated":true}]}}