{"id":1686,"date":"1016-01-22T14:46:54","date_gmt":"1016-01-22T14:46:54","guid":{"rendered":"http:\/\/www.spaceworkers.pt\/?post_type=projects&#038;p=1686"},"modified":"2025-01-28T10:01:59","modified_gmt":"2025-01-28T10:01:59","slug":"credito-agricola-de-fiaes","status":"publish","type":"projects","link":"https:\/\/www.spaceworkers.pt\/en\/projects\/credito-agricola-de-fiaes\/","title":{"rendered":"Cr\u00e9dito Agr\u00edcola of Fi\u00e3es"},"featured_media":1693,"template":"","class_list":["post-1686","projects","type-projects","status-publish","has-post-thumbnail","hentry","type-commercial","type-refurbishment"],"yoast_head":"<!-- This site is optimized with the Yoast SEO plugin v27.3 - https:\/\/yoast.com\/product\/yoast-seo-wordpress\/ -->\n<title>Cr\u00e9dito Agr\u00edcola of Fi\u00e3es - spaceworkers<\/title>\n<meta name=\"description\" content=\"Cr\u00e9dito Agr\u00edcola de Fi\u00e3es - projeto desenvolvido pela spaceworkers, um premiado est\u00fadio portugu\u00eas de arquitetura e design.\" \/>\n<meta name=\"robots\" content=\"index, follow, max-snippet:-1, max-image-preview:large, max-video-preview:-1\" \/>\n<link rel=\"canonical\" href=\"https:\/\/www.spaceworkers.pt\/en\/projects\/credito-agricola-de-fiaes\/\" \/>\n<meta property=\"og:locale\" content=\"en_US\" \/>\n<meta property=\"og:type\" content=\"article\" \/>\n<meta property=\"og:title\" content=\"[:pt]Cr\u00e9dito Agr\u00edcola de Fi\u00e3es[:en]Cr\u00e9dito Agr\u00edcola of Fi\u00e3es[:] - spaceworkers\" \/>\n<meta property=\"og:description\" content=\"Cr\u00e9dito Agr\u00edcola de Fi\u00e3es - projeto desenvolvido pela spaceworkers, um premiado est\u00fadio portugu\u00eas de arquitetura e design.\" \/>\n<meta property=\"og:url\" content=\"https:\/\/www.spaceworkers.pt\/en\/projects\/credito-agricola-de-fiaes\/\" \/>\n<meta property=\"og:site_name\" content=\"spaceworkers\" \/>\n<meta property=\"article:modified_time\" content=\"2025-01-28T10:01:59+00:00\" \/>\n<meta property=\"og:image\" content=\"https:\/\/www.spaceworkers.pt\/wp-content\/uploads\/2017\/03\/top-2.jpg\" \/>\n\t<meta property=\"og:image:width\" content=\"1086\" \/>\n\t<meta property=\"og:image:height\" content=\"1399\" \/>\n\t<meta property=\"og:image:type\" content=\"image\/jpeg\" \/>\n<meta name=\"twitter:card\" content=\"summary_large_image\" \/>\n<meta name=\"twitter:label1\" content=\"Est. reading time\" \/>\n\t<meta name=\"twitter:data1\" content=\"1 minute\" \/>\n<script type=\"application\/ld+json\" class=\"yoast-schema-graph\">{\"@context\":\"https:\\\/\\\/schema.org\",\"@graph\":[{\"@type\":\"WebPage\",\"@id\":\"https:\\\/\\\/www.spaceworkers.pt\\\/en\\\/projects\\\/credito-agricola-de-fiaes\\\/\",\"url\":\"https:\\\/\\\/www.spaceworkers.pt\\\/en\\\/projects\\\/credito-agricola-de-fiaes\\\/\",\"name\":\"[:pt]Cr\u00e9dito Agr\u00edcola de Fi\u00e3es[:en]Cr\u00e9dito Agr\u00edcola of Fi\u00e3es[:] - spaceworkers\",\"isPartOf\":{\"@id\":\"https:\\\/\\\/www.spaceworkers.pt\\\/en\\\/#website\"},\"primaryImageOfPage\":{\"@id\":\"https:\\\/\\\/www.spaceworkers.pt\\\/en\\\/projects\\\/credito-agricola-de-fiaes\\\/#primaryimage\"},\"image\":{\"@id\":\"https:\\\/\\\/www.spaceworkers.pt\\\/en\\\/projects\\\/credito-agricola-de-fiaes\\\/#primaryimage\"},\"thumbnailUrl\":\"https:\\\/\\\/www.spaceworkers.pt\\\/wp-content\\\/uploads\\\/2017\\\/03\\\/top-2.jpg\",\"datePublished\":\"1016-01-22T14:46:54+00:00\",\"dateModified\":\"2025-01-28T10:01:59+00:00\",\"description\":\"Cr\u00e9dito Agr\u00edcola de Fi\u00e3es - projeto desenvolvido pela spaceworkers, um premiado est\u00fadio portugu\u00eas de arquitetura e design.\",\"breadcrumb\":{\"@id\":\"https:\\\/\\\/www.spaceworkers.pt\\\/en\\\/projects\\\/credito-agricola-de-fiaes\\\/#breadcrumb\"},\"inLanguage\":\"en-US\",\"potentialAction\":[{\"@type\":\"ReadAction\",\"target\":[\"https:\\\/\\\/www.spaceworkers.pt\\\/en\\\/projects\\\/credito-agricola-de-fiaes\\\/\"]}]},{\"@type\":\"ImageObject\",\"inLanguage\":\"en-US\",\"@id\":\"https:\\\/\\\/www.spaceworkers.pt\\\/en\\\/projects\\\/credito-agricola-de-fiaes\\\/#primaryimage\",\"url\":\"https:\\\/\\\/www.spaceworkers.pt\\\/wp-content\\\/uploads\\\/2017\\\/03\\\/top-2.jpg\",\"contentUrl\":\"https:\\\/\\\/www.spaceworkers.pt\\\/wp-content\\\/uploads\\\/2017\\\/03\\\/top-2.jpg\",\"width\":1086,\"height\":1399,\"caption\":\"Spaceworkers - Cr\u00e9dito Agr\u00edcola de Fi\u00e3es\"},{\"@type\":\"BreadcrumbList\",\"@id\":\"https:\\\/\\\/www.spaceworkers.pt\\\/en\\\/projects\\\/credito-agricola-de-fiaes\\\/#breadcrumb\",\"itemListElement\":[{\"@type\":\"ListItem\",\"position\":1,\"name\":\"Home\",\"item\":\"https:\\\/\\\/www.spaceworkers.pt\\\/en\\\/\"},{\"@type\":\"ListItem\",\"position\":2,\"name\":\"Projects\",\"item\":\"https:\\\/\\\/www.spaceworkers.pt\\\/pt\\\/projects\\\/\"},{\"@type\":\"ListItem\",\"position\":3,\"name\":\"Cr\u00e9dito Agr\u00edcola of Fi\u00e3es\"}]},{\"@type\":\"WebSite\",\"@id\":\"https:\\\/\\\/www.spaceworkers.pt\\\/en\\\/#website\",\"url\":\"https:\\\/\\\/www.spaceworkers.pt\\\/en\\\/\",\"name\":\"spaceworkers\",\"description\":\"spaceworkers\u00ae is an architecture and design studio located in Paredes in northern Portugal, founded by the current creative directors Henrique Marques and Rui Dinis and by its financial director Carla Duarte.\",\"potentialAction\":[{\"@type\":\"SearchAction\",\"target\":{\"@type\":\"EntryPoint\",\"urlTemplate\":\"https:\\\/\\\/www.spaceworkers.pt\\\/en\\\/?s={search_term_string}\"},\"query-input\":{\"@type\":\"PropertyValueSpecification\",\"valueRequired\":true,\"valueName\":\"search_term_string\"}}],\"inLanguage\":\"en-US\"}]}<\/script>\n<!-- \/ Yoast SEO plugin. -->","yoast_head_json":{"title":"[:pt]Cr\u00e9dito Agr\u00edcola de Fi\u00e3es[:en]Cr\u00e9dito Agr\u00edcola of Fi\u00e3es[:] - spaceworkers","description":"Cr\u00e9dito Agr\u00edcola de Fi\u00e3es - projeto desenvolvido pela spaceworkers, um premiado est\u00fadio portugu\u00eas de arquitetura e design.","robots":{"index":"index","follow":"follow","max-snippet":"max-snippet:-1","max-image-preview":"max-image-preview:large","max-video-preview":"max-video-preview:-1"},"canonical":"https:\/\/www.spaceworkers.pt\/en\/projects\/credito-agricola-de-fiaes\/","og_locale":"en_US","og_type":"article","og_title":"[:pt]Cr\u00e9dito Agr\u00edcola de Fi\u00e3es[:en]Cr\u00e9dito Agr\u00edcola of Fi\u00e3es[:] - spaceworkers","og_description":"Cr\u00e9dito Agr\u00edcola de Fi\u00e3es - projeto desenvolvido pela spaceworkers, um premiado est\u00fadio portugu\u00eas de arquitetura e design.","og_url":"https:\/\/www.spaceworkers.pt\/en\/projects\/credito-agricola-de-fiaes\/","og_site_name":"spaceworkers","article_modified_time":"2025-01-28T10:01:59+00:00","og_image":[{"width":1086,"height":1399,"url":"https:\/\/www.spaceworkers.pt\/wp-content\/uploads\/2017\/03\/top-2.jpg","type":"image\/jpeg"}],"twitter_card":"summary_large_image","twitter_misc":{"Est. reading time":"1 minute"},"schema":{"@context":"https:\/\/schema.org","@graph":[{"@type":"WebPage","@id":"https:\/\/www.spaceworkers.pt\/en\/projects\/credito-agricola-de-fiaes\/","url":"https:\/\/www.spaceworkers.pt\/en\/projects\/credito-agricola-de-fiaes\/","name":"[:pt]Cr\u00e9dito Agr\u00edcola de Fi\u00e3es[:en]Cr\u00e9dito Agr\u00edcola of Fi\u00e3es[:] - spaceworkers","isPartOf":{"@id":"https:\/\/www.spaceworkers.pt\/en\/#website"},"primaryImageOfPage":{"@id":"https:\/\/www.spaceworkers.pt\/en\/projects\/credito-agricola-de-fiaes\/#primaryimage"},"image":{"@id":"https:\/\/www.spaceworkers.pt\/en\/projects\/credito-agricola-de-fiaes\/#primaryimage"},"thumbnailUrl":"https:\/\/www.spaceworkers.pt\/wp-content\/uploads\/2017\/03\/top-2.jpg","datePublished":"1016-01-22T14:46:54+00:00","dateModified":"2025-01-28T10:01:59+00:00","description":"Cr\u00e9dito Agr\u00edcola de Fi\u00e3es - projeto desenvolvido pela spaceworkers, um premiado est\u00fadio portugu\u00eas de arquitetura e design.","breadcrumb":{"@id":"https:\/\/www.spaceworkers.pt\/en\/projects\/credito-agricola-de-fiaes\/#breadcrumb"},"inLanguage":"en-US","potentialAction":[{"@type":"ReadAction","target":["https:\/\/www.spaceworkers.pt\/en\/projects\/credito-agricola-de-fiaes\/"]}]},{"@type":"ImageObject","inLanguage":"en-US","@id":"https:\/\/www.spaceworkers.pt\/en\/projects\/credito-agricola-de-fiaes\/#primaryimage","url":"https:\/\/www.spaceworkers.pt\/wp-content\/uploads\/2017\/03\/top-2.jpg","contentUrl":"https:\/\/www.spaceworkers.pt\/wp-content\/uploads\/2017\/03\/top-2.jpg","width":1086,"height":1399,"caption":"Spaceworkers - Cr\u00e9dito Agr\u00edcola de Fi\u00e3es"},{"@type":"BreadcrumbList","@id":"https:\/\/www.spaceworkers.pt\/en\/projects\/credito-agricola-de-fiaes\/#breadcrumb","itemListElement":[{"@type":"ListItem","position":1,"name":"Home","item":"https:\/\/www.spaceworkers.pt\/en\/"},{"@type":"ListItem","position":2,"name":"Projects","item":"https:\/\/www.spaceworkers.pt\/pt\/projects\/"},{"@type":"ListItem","position":3,"name":"Cr\u00e9dito Agr\u00edcola of Fi\u00e3es"}]},{"@type":"WebSite","@id":"https:\/\/www.spaceworkers.pt\/en\/#website","url":"https:\/\/www.spaceworkers.pt\/en\/","name":"spaceworkers","description":"spaceworkers\u00ae is an architecture and design studio located in Paredes in northern Portugal, founded by the current creative directors Henrique Marques and Rui Dinis and by its financial director Carla Duarte.","potentialAction":[{"@type":"SearchAction","target":{"@type":"EntryPoint","urlTemplate":"https:\/\/www.spaceworkers.pt\/en\/?s={search_term_string}"},"query-input":{"@type":"PropertyValueSpecification","valueRequired":true,"valueName":"search_term_string"}}],"inLanguage":"en-US"}]}},"year":"16","code":"CAF","image":"https:\/\/www.spaceworkers.pt\/wp-content\/uploads\/2017\/03\/top-2.jpg","_links":{"self":[{"href":"https:\/\/www.spaceworkers.pt\/en\/wp-json\/wp\/v2\/projects\/1686","targetHints":{"allow":["GET"]}}],"collection":[{"href":"https:\/\/www.spaceworkers.pt\/en\/wp-json\/wp\/v2\/projects"}],"about":[{"href":"https:\/\/www.spaceworkers.pt\/en\/wp-json\/wp\/v2\/types\/projects"}],"wp:featuredmedia":[{"embeddable":true,"href":"https:\/\/www.spaceworkers.pt\/en\/wp-json\/wp\/v2\/media\/1693"}],"wp:attachment":[{"href":"https:\/\/www.spaceworkers.pt\/en\/wp-json\/wp\/v2\/media?parent=1686"}],"curies":[{"name":"wp","href":"https:\/\/api.w.org\/{rel}","templated":true}]}}